{"id":6696,"date":"2023-04-11T14:07:45","date_gmt":"2023-04-11T12:07:45","guid":{"rendered":"https:\/\/postojnsko.si\/spominska-soba-dr-lojza-kraigherja\/"},"modified":"2023-07-10T21:15:50","modified_gmt":"2023-07-10T19:15:50","slug":"sala-commemorativa-del-dott-lojz-kraigher","status":"publish","type":"page","link":"https:\/\/postojnsko.si\/it\/postoj-na-mestni-poti\/sala-commemorativa-del-dott-lojz-kraigher\/","title":{"rendered":"Sala commemorativa del dott. Lojz Kraigher"},"content":{"rendered":"<p>La sala commemorativa si trova al primo piano del Centro culturale di Postumia. L&#8217;edificio, con facciata a colonne, fu costruito nel 1930 come casa della Giovent\u00f9 Fascista (Casa del Balilla), e per un certo periodo ospit\u00f2 anche un asilo. Il dott. Lojz Kraigher (1877\u20131959), nato in una casa sulla Tr\u017ea\u0161ka cesta a Postumia, \u00e8 passato alla storia letteraria slovena come autore di prosa naturalistica e drammi, e come compagno, sostenitore e cronista del nostro pi\u00f9 grande scrittore, Ivan Cankar.<\/p>\n<p>Kraigher fu in contatto con Cankar sia a Vienna, dove entrambi avevano studiato, sia dopo il loro ritorno in Slovenia. Fu per lui un grande sostegno morale oltre che economico, soprattutto nell&#8217;ultimo periodo della sua vita. Il dott. Lojz Kraigher, medico e dentista, che per un breve periodo gest\u00ec anche l&#8217;Ospedale Regionale di Lubiana, \u00e8 considerato uno dei fondatori della Facolt\u00e0 di Medicina di Lubiana, poich\u00e9 ne sostenne pubblicamente l&#8217;istituzione gi\u00e0 nel 1919. L&#8217;iniziativa fu pienamente realizzata solo nell&#8217;agosto del 1945. A quel tempo, Lojz Kraigher fu insignito del suo primo dottorato honoris causa e divenne anche il bibliotecario della facolt\u00e0 e il primo editore del rinnovato Bollettino sanitario. Nella sua attivit\u00e0 pubblica, Kraigher fu sempre scambiato per uno sloveno, il che gli caus\u00f2 molti problemi.<\/p>\n<p>Sia nel periodo in cui visse e lavor\u00f2 in Primorska durante il terrore fascista, sia quando soggiorn\u00f2 a Lubiana, da dove fu prelevato e internato a Dachau per la sua collaborazione con il movimento di liberazione nazionale. Anche l&#8217;iniziativa gi\u00e0 citata di Kraigher di istituire la Facolt\u00e0 di Medicina a Lubiana deve essere intesa nello spirito delle sue aspirazioni all&#8217;autonomia nazionale.<\/p>\n<p class=\"vp-line\">\u00a0<\/p>\n<p>Visitate la sala commemorativa e scoprite che aspetto aveva il luogo di lavoro dell&#8217;intellettuale nella prima met\u00e0 del XX secolo. Per una visita alla sala commemorativa potete rivolgervi al Museo della Notranjska di Postumia.\u00a0<\/p>\n","protected":false},"excerpt":{"rendered":"<p>La sala commemorativa si trova al primo piano del Centro culturale di Postumia. L&#8217;edificio, con facciata a colonne, fu costruito nel 1930 come casa della Giovent\u00f9 Fascista (Casa del Balilla), e per un certo periodo ospit\u00f2 anche un asilo. Il dott. Lojz Kraigher (1877\u20131959), nato in una casa sulla Tr\u017ea\u0161ka cesta a Postumia, \u00e8 passato&#8230;<\/p>\n","protected":false},"author":2,"featured_media":5280,"parent":6717,"menu_order":0,"comment_status":"closed","ping_status":"closed","template":"page-templates\/interesna-tocka.php","meta":{"footnotes":""},"class_list":{"0":"post-6696","1":"type-page","3":"status-publish","4":"has-post-thumbnail","5":"hentry","6":"article-odd"},"yoast_head":"<!-- This site is optimized with the Yoast SEO plugin v27.4 - https:\/\/yoast.com\/product\/yoast-seo-wordpress\/ -->\n<title>Sala commemorativa del dott. Lojz Kraigher - Visit Postojna<\/title>\n<meta name=\"robots\" content=\"index, follow, max-snippet:-1, max-image-preview:large, max-video-preview:-1\" \/>\n<link rel=\"canonical\" href=\"https:\/\/postojnsko.si\/it\/postoj-na-mestni-poti\/sala-commemorativa-del-dott-lojz-kraigher\/\" \/>\n<meta property=\"og:locale\" content=\"it_IT\" \/>\n<meta property=\"og:type\" content=\"article\" \/>\n<meta property=\"og:title\" content=\"Sala commemorativa del dott. Lojz Kraigher - Visit Postojna\" \/>\n<meta property=\"og:description\" content=\"La sala commemorativa si trova al primo piano del Centro culturale di Postumia. L&#8217;edificio, con facciata a colonne, fu costruito nel 1930 come casa della Giovent\u00f9 Fascista (Casa del Balilla), e per un certo periodo ospit\u00f2 anche un asilo. Il dott. Lojz Kraigher (1877\u20131959), nato in una casa sulla Tr\u017ea\u0161ka cesta a Postumia, \u00e8 passato...\" \/>\n<meta property=\"og:url\" content=\"https:\/\/postojnsko.si\/it\/postoj-na-mestni-poti\/sala-commemorativa-del-dott-lojz-kraigher\/\" \/>\n<meta property=\"og:site_name\" content=\"Visit Postojna\" \/>\n<meta property=\"article:publisher\" content=\"https:\/\/www.facebook.com\/VisitPostojna\" \/>\n<meta property=\"article:modified_time\" content=\"2023-07-10T19:15:50+00:00\" \/>\n<meta property=\"og:image\" content=\"https:\/\/postojnsko.si\/travel\/wp-content\/uploads\/2023\/04\/kulturni-dom-kraigherjeva-soba-visit-postojna-foto-bostjan-martinjak-2-scaled.jpg\" \/>\n\t<meta property=\"og:image:width\" content=\"2560\" \/>\n\t<meta property=\"og:image:height\" content=\"1707\" \/>\n\t<meta property=\"og:image:type\" content=\"image\/jpeg\" \/>\n<meta name=\"twitter:card\" content=\"summary_large_image\" \/>\n<meta name=\"twitter:label1\" content=\"Tempo di lettura stimato\" \/>\n\t<meta name=\"twitter:data1\" content=\"2 minuti\" \/>\n<script type=\"application\/ld+json\" class=\"yoast-schema-graph\">{\"@context\":\"https:\\\/\\\/schema.org\",\"@graph\":[{\"@type\":\"WebPage\",\"@id\":\"https:\\\/\\\/postojnsko.si\\\/it\\\/postoj-na-mestni-poti\\\/sala-commemorativa-del-dott-lojz-kraigher\\\/\",\"url\":\"https:\\\/\\\/postojnsko.si\\\/it\\\/postoj-na-mestni-poti\\\/sala-commemorativa-del-dott-lojz-kraigher\\\/\",\"name\":\"Sala commemorativa del dott. Lojz Kraigher - Visit Postojna\",\"isPartOf\":{\"@id\":\"https:\\\/\\\/postojnsko.si\\\/it\\\/#website\"},\"primaryImageOfPage\":{\"@id\":\"https:\\\/\\\/postojnsko.si\\\/it\\\/postoj-na-mestni-poti\\\/sala-commemorativa-del-dott-lojz-kraigher\\\/#primaryimage\"},\"image\":{\"@id\":\"https:\\\/\\\/postojnsko.si\\\/it\\\/postoj-na-mestni-poti\\\/sala-commemorativa-del-dott-lojz-kraigher\\\/#primaryimage\"},\"thumbnailUrl\":\"https:\\\/\\\/postojnsko.si\\\/travel\\\/wp-content\\\/uploads\\\/2023\\\/04\\\/kulturni-dom-kraigherjeva-soba-visit-postojna-foto-bostjan-martinjak-2-scaled.jpg\",\"datePublished\":\"2023-04-11T12:07:45+00:00\",\"dateModified\":\"2023-07-10T19:15:50+00:00\",\"breadcrumb\":{\"@id\":\"https:\\\/\\\/postojnsko.si\\\/it\\\/postoj-na-mestni-poti\\\/sala-commemorativa-del-dott-lojz-kraigher\\\/#breadcrumb\"},\"inLanguage\":\"it-IT\",\"potentialAction\":[{\"@type\":\"ReadAction\",\"target\":[\"https:\\\/\\\/postojnsko.si\\\/it\\\/postoj-na-mestni-poti\\\/sala-commemorativa-del-dott-lojz-kraigher\\\/\"]}]},{\"@type\":\"ImageObject\",\"inLanguage\":\"it-IT\",\"@id\":\"https:\\\/\\\/postojnsko.si\\\/it\\\/postoj-na-mestni-poti\\\/sala-commemorativa-del-dott-lojz-kraigher\\\/#primaryimage\",\"url\":\"https:\\\/\\\/postojnsko.si\\\/travel\\\/wp-content\\\/uploads\\\/2023\\\/04\\\/kulturni-dom-kraigherjeva-soba-visit-postojna-foto-bostjan-martinjak-2-scaled.jpg\",\"contentUrl\":\"https:\\\/\\\/postojnsko.si\\\/travel\\\/wp-content\\\/uploads\\\/2023\\\/04\\\/kulturni-dom-kraigherjeva-soba-visit-postojna-foto-bostjan-martinjak-2-scaled.jpg\",\"width\":2560,\"height\":1707,\"caption\":\"Sala commemorativa del dott. Lojz Kraigher\"},{\"@type\":\"BreadcrumbList\",\"@id\":\"https:\\\/\\\/postojnsko.si\\\/it\\\/postoj-na-mestni-poti\\\/sala-commemorativa-del-dott-lojz-kraigher\\\/#breadcrumb\",\"itemListElement\":[{\"@type\":\"ListItem\",\"position\":1,\"name\":\"Home\",\"item\":\"https:\\\/\\\/postojnsko.si\\\/it\\\/?doing_wp_cron=1766478648.6568050384521484375000\"},{\"@type\":\"ListItem\",\"position\":2,\"name\":\"Postumia nel percorso cittadino\",\"item\":\"https:\\\/\\\/postojnsko.si\\\/it\\\/postoj-na-mestni-poti\\\/?doing_wp_cron=1766490349.7067840099334716796875\"},{\"@type\":\"ListItem\",\"position\":3,\"name\":\"Sala commemorativa del dott. Lojz Kraigher\"}]},{\"@type\":\"WebSite\",\"@id\":\"https:\\\/\\\/postojnsko.si\\\/it\\\/#website\",\"url\":\"https:\\\/\\\/postojnsko.si\\\/it\\\/\",\"name\":\"Visit Postojna\",\"description\":\"To je nov svet. To je paradi\u017e!\",\"publisher\":{\"@id\":\"https:\\\/\\\/postojnsko.si\\\/it\\\/#organization\"},\"potentialAction\":[{\"@type\":\"SearchAction\",\"target\":{\"@type\":\"EntryPoint\",\"urlTemplate\":\"https:\\\/\\\/postojnsko.si\\\/it\\\/?s={search_term_string}\"},\"query-input\":{\"@type\":\"PropertyValueSpecification\",\"valueRequired\":true,\"valueName\":\"search_term_string\"}}],\"inLanguage\":\"it-IT\"},{\"@type\":\"Organization\",\"@id\":\"https:\\\/\\\/postojnsko.si\\\/it\\\/#organization\",\"name\":\"Visit Postojna\",\"url\":\"https:\\\/\\\/postojnsko.si\\\/it\\\/\",\"logo\":{\"@type\":\"ImageObject\",\"inLanguage\":\"it-IT\",\"@id\":\"https:\\\/\\\/postojnsko.si\\\/it\\\/#\\\/schema\\\/logo\\\/image\\\/\",\"url\":\"https:\\\/\\\/postojnsko.si\\\/wp-content\\\/uploads\\\/2023\\\/06\\\/visit-postojna-logo.png\",\"contentUrl\":\"https:\\\/\\\/postojnsko.si\\\/wp-content\\\/uploads\\\/2023\\\/06\\\/visit-postojna-logo.png\",\"width\":1042,\"height\":1042,\"caption\":\"Visit Postojna\"},\"image\":{\"@id\":\"https:\\\/\\\/postojnsko.si\\\/it\\\/#\\\/schema\\\/logo\\\/image\\\/\"},\"sameAs\":[\"https:\\\/\\\/www.facebook.com\\\/VisitPostojna\",\"https:\\\/\\\/www.instagram.com\\\/visit_postojna\"]}]}<\/script>\n<!-- \/ Yoast SEO plugin. -->","yoast_head_json":{"title":"Sala commemorativa del dott. Lojz Kraigher - Visit Postojna","robots":{"index":"index","follow":"follow","max-snippet":"max-snippet:-1","max-image-preview":"max-image-preview:large","max-video-preview":"max-video-preview:-1"},"canonical":"https:\/\/postojnsko.si\/it\/postoj-na-mestni-poti\/sala-commemorativa-del-dott-lojz-kraigher\/","og_locale":"it_IT","og_type":"article","og_title":"Sala commemorativa del dott. Lojz Kraigher - Visit Postojna","og_description":"La sala commemorativa si trova al primo piano del Centro culturale di Postumia. L&#8217;edificio, con facciata a colonne, fu costruito nel 1930 come casa della Giovent\u00f9 Fascista (Casa del Balilla), e per un certo periodo ospit\u00f2 anche un asilo. Il dott. Lojz Kraigher (1877\u20131959), nato in una casa sulla Tr\u017ea\u0161ka cesta a Postumia, \u00e8 passato...","og_url":"https:\/\/postojnsko.si\/it\/postoj-na-mestni-poti\/sala-commemorativa-del-dott-lojz-kraigher\/","og_site_name":"Visit Postojna","article_publisher":"https:\/\/www.facebook.com\/VisitPostojna","article_modified_time":"2023-07-10T19:15:50+00:00","og_image":[{"width":2560,"height":1707,"url":"https:\/\/postojnsko.si\/travel\/wp-content\/uploads\/2023\/04\/kulturni-dom-kraigherjeva-soba-visit-postojna-foto-bostjan-martinjak-2-scaled.jpg","type":"image\/jpeg"}],"twitter_card":"summary_large_image","twitter_misc":{"Tempo di lettura stimato":"2 minuti"},"schema":{"@context":"https:\/\/schema.org","@graph":[{"@type":"WebPage","@id":"https:\/\/postojnsko.si\/it\/postoj-na-mestni-poti\/sala-commemorativa-del-dott-lojz-kraigher\/","url":"https:\/\/postojnsko.si\/it\/postoj-na-mestni-poti\/sala-commemorativa-del-dott-lojz-kraigher\/","name":"Sala commemorativa del dott. Lojz Kraigher - Visit Postojna","isPartOf":{"@id":"https:\/\/postojnsko.si\/it\/#website"},"primaryImageOfPage":{"@id":"https:\/\/postojnsko.si\/it\/postoj-na-mestni-poti\/sala-commemorativa-del-dott-lojz-kraigher\/#primaryimage"},"image":{"@id":"https:\/\/postojnsko.si\/it\/postoj-na-mestni-poti\/sala-commemorativa-del-dott-lojz-kraigher\/#primaryimage"},"thumbnailUrl":"https:\/\/postojnsko.si\/travel\/wp-content\/uploads\/2023\/04\/kulturni-dom-kraigherjeva-soba-visit-postojna-foto-bostjan-martinjak-2-scaled.jpg","datePublished":"2023-04-11T12:07:45+00:00","dateModified":"2023-07-10T19:15:50+00:00","breadcrumb":{"@id":"https:\/\/postojnsko.si\/it\/postoj-na-mestni-poti\/sala-commemorativa-del-dott-lojz-kraigher\/#breadcrumb"},"inLanguage":"it-IT","potentialAction":[{"@type":"ReadAction","target":["https:\/\/postojnsko.si\/it\/postoj-na-mestni-poti\/sala-commemorativa-del-dott-lojz-kraigher\/"]}]},{"@type":"ImageObject","inLanguage":"it-IT","@id":"https:\/\/postojnsko.si\/it\/postoj-na-mestni-poti\/sala-commemorativa-del-dott-lojz-kraigher\/#primaryimage","url":"https:\/\/postojnsko.si\/travel\/wp-content\/uploads\/2023\/04\/kulturni-dom-kraigherjeva-soba-visit-postojna-foto-bostjan-martinjak-2-scaled.jpg","contentUrl":"https:\/\/postojnsko.si\/travel\/wp-content\/uploads\/2023\/04\/kulturni-dom-kraigherjeva-soba-visit-postojna-foto-bostjan-martinjak-2-scaled.jpg","width":2560,"height":1707,"caption":"Sala commemorativa del dott. Lojz Kraigher"},{"@type":"BreadcrumbList","@id":"https:\/\/postojnsko.si\/it\/postoj-na-mestni-poti\/sala-commemorativa-del-dott-lojz-kraigher\/#breadcrumb","itemListElement":[{"@type":"ListItem","position":1,"name":"Home","item":"https:\/\/postojnsko.si\/it\/?doing_wp_cron=1766478648.6568050384521484375000"},{"@type":"ListItem","position":2,"name":"Postumia nel percorso cittadino","item":"https:\/\/postojnsko.si\/it\/postoj-na-mestni-poti\/?doing_wp_cron=1766490349.7067840099334716796875"},{"@type":"ListItem","position":3,"name":"Sala commemorativa del dott. Lojz Kraigher"}]},{"@type":"WebSite","@id":"https:\/\/postojnsko.si\/it\/#website","url":"https:\/\/postojnsko.si\/it\/","name":"Visit Postojna","description":"To je nov svet. To je paradi\u017e!","publisher":{"@id":"https:\/\/postojnsko.si\/it\/#organization"},"potentialAction":[{"@type":"SearchAction","target":{"@type":"EntryPoint","urlTemplate":"https:\/\/postojnsko.si\/it\/?s={search_term_string}"},"query-input":{"@type":"PropertyValueSpecification","valueRequired":true,"valueName":"search_term_string"}}],"inLanguage":"it-IT"},{"@type":"Organization","@id":"https:\/\/postojnsko.si\/it\/#organization","name":"Visit Postojna","url":"https:\/\/postojnsko.si\/it\/","logo":{"@type":"ImageObject","inLanguage":"it-IT","@id":"https:\/\/postojnsko.si\/it\/#\/schema\/logo\/image\/","url":"https:\/\/postojnsko.si\/wp-content\/uploads\/2023\/06\/visit-postojna-logo.png","contentUrl":"https:\/\/postojnsko.si\/wp-content\/uploads\/2023\/06\/visit-postojna-logo.png","width":1042,"height":1042,"caption":"Visit Postojna"},"image":{"@id":"https:\/\/postojnsko.si\/it\/#\/schema\/logo\/image\/"},"sameAs":["https:\/\/www.facebook.com\/VisitPostojna","https:\/\/www.instagram.com\/visit_postojna"]}]}},"_links":{"self":[{"href":"https:\/\/postojnsko.si\/it\/wp-json\/wp\/v2\/pages\/6696","targetHints":{"allow":["GET"]}}],"collection":[{"href":"https:\/\/postojnsko.si\/it\/wp-json\/wp\/v2\/pages"}],"about":[{"href":"https:\/\/postojnsko.si\/it\/wp-json\/wp\/v2\/types\/page"}],"author":[{"embeddable":true,"href":"https:\/\/postojnsko.si\/it\/wp-json\/wp\/v2\/users\/2"}],"replies":[{"embeddable":true,"href":"https:\/\/postojnsko.si\/it\/wp-json\/wp\/v2\/comments?post=6696"}],"version-history":[{"count":2,"href":"https:\/\/postojnsko.si\/it\/wp-json\/wp\/v2\/pages\/6696\/revisions"}],"predecessor-version":[{"id":6698,"href":"https:\/\/postojnsko.si\/it\/wp-json\/wp\/v2\/pages\/6696\/revisions\/6698"}],"up":[{"embeddable":true,"href":"https:\/\/postojnsko.si\/it\/wp-json\/wp\/v2\/pages\/6717"}],"wp:featuredmedia":[{"embeddable":true,"href":"https:\/\/postojnsko.si\/it\/wp-json\/wp\/v2\/media\/5280"}],"wp:attachment":[{"href":"https:\/\/postojnsko.si\/it\/wp-json\/wp\/v2\/media?parent=6696"}],"curies":[{"name":"wp","href":"https:\/\/api.w.org\/{rel}","templated":true}]}}