{"id":6667,"date":"2023-04-07T12:41:22","date_gmt":"2023-04-07T10:41:22","guid":{"rendered":"https:\/\/postojnsko.si\/ljudska-univerza\/"},"modified":"2023-07-10T21:16:49","modified_gmt":"2023-07-10T19:16:49","slug":"universita-popolare","status":"publish","type":"page","link":"https:\/\/postojnsko.si\/it\/postoj-na-mestni-poti\/universita-popolare\/","title":{"rendered":"Universit\u00e0 popolare"},"content":{"rendered":"<p>La prima pietra dell&#8217;ex ginnasio maschile, costruito su progetto dell&#8217;architetto <strong>Josip Costaperaria<\/strong>, fu posta nel luglio 1908 e la scuola fu completata nel settembre 1909.<\/p>\n<p>L&#8217;imponente edificio in stile Art Nouveau vantava un ampio giardino scolastico, un cortile, una palestra e una palestra estiva. Fu il primo ginnasio in territorio sloveno in cui le lezioni si tenevano in lingua slovena. Dal 1920 al 1922 qui insegn\u00f2 disegno anche <strong>il pittore triestino Avgust \u010cernigoj<\/strong>, che poi utilizz\u00f2 i suoi guadagni di insegnante per studiare in Germania, anche alla Bauhaus di Weimar. Durante il periodo postumiano furono realizzate alcune delle prime opere di \u010cernigoj, ora conservate nel Museo della Notranjska di Postumia. Con l&#8217;abolizione fascista della lingua slovena nelle scuole, nell&#8217;anno scolastico 1927\/28 la scuola fu sostituita da un liceo italiano. Ancora oggi la struttura \u00e8 caratterizzata da programmi educativi per giovani e anziani.<\/p>\n<blockquote>\n<p><strong><span style=\"color: #c9c966;\">SUGGERIMENTO<\/span><br \/>\n<\/strong>Mettetevi di fronte alla facciata del palazzo Art Nouveau e cercate il dettaglio pi\u00f9 interessante!\u00a0<\/p>\n<\/blockquote>\n<p><em><br \/>\n<span style=\"color: #c9c966;\"><strong>Avgust \u010cernigoj<\/strong><\/span> (1898-1985) era un pittore triestino e il pi\u00f9 importante rappresentante dell&#8217;avanguardia artistica slovena. Acquis\u00ec familiarit\u00e0 con le tendenze dell&#8217;arte contemporanea, in particolare il costruttivismo, durante i suoi brevi studi alla Bauhaus di Weimar. Durante la Seconda guerra mondiale dipinse le chiese di Kne\u017eak, Ba\u010d e Dolnja Ko\u0161ana nella zona di Pivka.\u00a0<\/p>\n<p><\/em><em><span style=\"color: #c9c966;\"><strong>Josip Costaperaria<\/strong><\/span> (1876-1951) era un architetto sloveno autore di numerose ville e palazzi, soprattutto a Lubiana. Inizi\u00f2 la sua carriera nello studio di Maks Fabiani, dove gest\u00ec la costruzione della Casa Nazionale di Trieste e della Camera di Commercio di Gorizia. Con il progetto della scuola cittadina maschile di Postumia, Costaperaria vinse per la prima volta il concorso e divenne professionalmente indipendente.\u00a0<\/em><\/p>\n","protected":false},"excerpt":{"rendered":"<p>La prima pietra dell&#8217;ex ginnasio maschile, costruito su progetto dell&#8217;architetto Josip Costaperaria, fu posta nel luglio 1908 e la scuola fu completata nel settembre 1909. L&#8217;imponente edificio in stile Art Nouveau vantava un ampio giardino scolastico, un cortile, una palestra e una palestra estiva. Fu il primo ginnasio in territorio sloveno in cui le lezioni&#8230;<\/p>\n","protected":false},"author":2,"featured_media":5277,"parent":6717,"menu_order":0,"comment_status":"closed","ping_status":"closed","template":"page-templates\/interesna-tocka.php","meta":{"footnotes":""},"class_list":{"0":"post-6667","1":"type-page","3":"status-publish","4":"has-post-thumbnail","5":"hentry","6":"article-odd"},"yoast_head":"<!-- This site is optimized with the Yoast SEO plugin v27.4 - https:\/\/yoast.com\/product\/yoast-seo-wordpress\/ -->\n<title>Universit\u00e0 popolare - Visit Postojna<\/title>\n<meta name=\"robots\" content=\"index, follow, max-snippet:-1, max-image-preview:large, max-video-preview:-1\" \/>\n<link rel=\"canonical\" href=\"https:\/\/postojnsko.si\/it\/postoj-na-mestni-poti\/universita-popolare\/\" \/>\n<meta property=\"og:locale\" content=\"it_IT\" \/>\n<meta property=\"og:type\" content=\"article\" \/>\n<meta property=\"og:title\" content=\"Universit\u00e0 popolare - Visit Postojna\" \/>\n<meta property=\"og:description\" content=\"La prima pietra dell&#8217;ex ginnasio maschile, costruito su progetto dell&#8217;architetto Josip Costaperaria, fu posta nel luglio 1908 e la scuola fu completata nel settembre 1909. L&#8217;imponente edificio in stile Art Nouveau vantava un ampio giardino scolastico, un cortile, una palestra e una palestra estiva. Fu il primo ginnasio in territorio sloveno in cui le lezioni...\" \/>\n<meta property=\"og:url\" content=\"https:\/\/postojnsko.si\/it\/postoj-na-mestni-poti\/universita-popolare\/\" \/>\n<meta property=\"og:site_name\" content=\"Visit Postojna\" \/>\n<meta property=\"article:publisher\" content=\"https:\/\/www.facebook.com\/VisitPostojna\" \/>\n<meta property=\"article:modified_time\" content=\"2023-07-10T19:16:49+00:00\" \/>\n<meta property=\"og:image\" content=\"https:\/\/postojnsko.si\/travel\/wp-content\/uploads\/2023\/04\/ljudska-univerza-temeljni-kamen-bostjan-martinjak-3-1024x660.jpg\" \/>\n\t<meta property=\"og:image:width\" content=\"1024\" \/>\n\t<meta property=\"og:image:height\" content=\"660\" \/>\n\t<meta property=\"og:image:type\" content=\"image\/jpeg\" \/>\n<meta name=\"twitter:card\" content=\"summary_large_image\" \/>\n<meta name=\"twitter:label1\" content=\"Tempo di lettura stimato\" \/>\n\t<meta name=\"twitter:data1\" content=\"2 minuti\" \/>\n<script type=\"application\/ld+json\" class=\"yoast-schema-graph\">{\"@context\":\"https:\\\/\\\/schema.org\",\"@graph\":[{\"@type\":\"WebPage\",\"@id\":\"https:\\\/\\\/postojnsko.si\\\/it\\\/postoj-na-mestni-poti\\\/universita-popolare\\\/\",\"url\":\"https:\\\/\\\/postojnsko.si\\\/it\\\/postoj-na-mestni-poti\\\/universita-popolare\\\/\",\"name\":\"Universit\u00e0 popolare - Visit Postojna\",\"isPartOf\":{\"@id\":\"https:\\\/\\\/postojnsko.si\\\/it\\\/#website\"},\"primaryImageOfPage\":{\"@id\":\"https:\\\/\\\/postojnsko.si\\\/it\\\/postoj-na-mestni-poti\\\/universita-popolare\\\/#primaryimage\"},\"image\":{\"@id\":\"https:\\\/\\\/postojnsko.si\\\/it\\\/postoj-na-mestni-poti\\\/universita-popolare\\\/#primaryimage\"},\"thumbnailUrl\":\"https:\\\/\\\/postojnsko.si\\\/travel\\\/wp-content\\\/uploads\\\/2023\\\/04\\\/ljudska-univerza-temeljni-kamen-bostjan-martinjak-3-scaled.jpg\",\"datePublished\":\"2023-04-07T10:41:22+00:00\",\"dateModified\":\"2023-07-10T19:16:49+00:00\",\"breadcrumb\":{\"@id\":\"https:\\\/\\\/postojnsko.si\\\/it\\\/postoj-na-mestni-poti\\\/universita-popolare\\\/#breadcrumb\"},\"inLanguage\":\"it-IT\",\"potentialAction\":[{\"@type\":\"ReadAction\",\"target\":[\"https:\\\/\\\/postojnsko.si\\\/it\\\/postoj-na-mestni-poti\\\/universita-popolare\\\/\"]}]},{\"@type\":\"ImageObject\",\"inLanguage\":\"it-IT\",\"@id\":\"https:\\\/\\\/postojnsko.si\\\/it\\\/postoj-na-mestni-poti\\\/universita-popolare\\\/#primaryimage\",\"url\":\"https:\\\/\\\/postojnsko.si\\\/travel\\\/wp-content\\\/uploads\\\/2023\\\/04\\\/ljudska-univerza-temeljni-kamen-bostjan-martinjak-3-scaled.jpg\",\"contentUrl\":\"https:\\\/\\\/postojnsko.si\\\/travel\\\/wp-content\\\/uploads\\\/2023\\\/04\\\/ljudska-univerza-temeljni-kamen-bostjan-martinjak-3-scaled.jpg\",\"width\":2560,\"height\":1650,\"caption\":\"Ljudska univerza\"},{\"@type\":\"BreadcrumbList\",\"@id\":\"https:\\\/\\\/postojnsko.si\\\/it\\\/postoj-na-mestni-poti\\\/universita-popolare\\\/#breadcrumb\",\"itemListElement\":[{\"@type\":\"ListItem\",\"position\":1,\"name\":\"Home\",\"item\":\"https:\\\/\\\/postojnsko.si\\\/it\\\/?doing_wp_cron=1766478648.6568050384521484375000\"},{\"@type\":\"ListItem\",\"position\":2,\"name\":\"Postumia nel percorso cittadino\",\"item\":\"https:\\\/\\\/postojnsko.si\\\/it\\\/postoj-na-mestni-poti\\\/?doing_wp_cron=1766490349.7067840099334716796875\"},{\"@type\":\"ListItem\",\"position\":3,\"name\":\"Universit\u00e0 popolare\"}]},{\"@type\":\"WebSite\",\"@id\":\"https:\\\/\\\/postojnsko.si\\\/it\\\/#website\",\"url\":\"https:\\\/\\\/postojnsko.si\\\/it\\\/\",\"name\":\"Visit Postojna\",\"description\":\"To je nov svet. To je paradi\u017e!\",\"publisher\":{\"@id\":\"https:\\\/\\\/postojnsko.si\\\/it\\\/#organization\"},\"potentialAction\":[{\"@type\":\"SearchAction\",\"target\":{\"@type\":\"EntryPoint\",\"urlTemplate\":\"https:\\\/\\\/postojnsko.si\\\/it\\\/?s={search_term_string}\"},\"query-input\":{\"@type\":\"PropertyValueSpecification\",\"valueRequired\":true,\"valueName\":\"search_term_string\"}}],\"inLanguage\":\"it-IT\"},{\"@type\":\"Organization\",\"@id\":\"https:\\\/\\\/postojnsko.si\\\/it\\\/#organization\",\"name\":\"Visit Postojna\",\"url\":\"https:\\\/\\\/postojnsko.si\\\/it\\\/\",\"logo\":{\"@type\":\"ImageObject\",\"inLanguage\":\"it-IT\",\"@id\":\"https:\\\/\\\/postojnsko.si\\\/it\\\/#\\\/schema\\\/logo\\\/image\\\/\",\"url\":\"https:\\\/\\\/postojnsko.si\\\/wp-content\\\/uploads\\\/2023\\\/06\\\/visit-postojna-logo.png\",\"contentUrl\":\"https:\\\/\\\/postojnsko.si\\\/wp-content\\\/uploads\\\/2023\\\/06\\\/visit-postojna-logo.png\",\"width\":1042,\"height\":1042,\"caption\":\"Visit Postojna\"},\"image\":{\"@id\":\"https:\\\/\\\/postojnsko.si\\\/it\\\/#\\\/schema\\\/logo\\\/image\\\/\"},\"sameAs\":[\"https:\\\/\\\/www.facebook.com\\\/VisitPostojna\",\"https:\\\/\\\/www.instagram.com\\\/visit_postojna\"]}]}<\/script>\n<!-- \/ Yoast SEO plugin. -->","yoast_head_json":{"title":"Universit\u00e0 popolare - Visit Postojna","robots":{"index":"index","follow":"follow","max-snippet":"max-snippet:-1","max-image-preview":"max-image-preview:large","max-video-preview":"max-video-preview:-1"},"canonical":"https:\/\/postojnsko.si\/it\/postoj-na-mestni-poti\/universita-popolare\/","og_locale":"it_IT","og_type":"article","og_title":"Universit\u00e0 popolare - Visit Postojna","og_description":"La prima pietra dell&#8217;ex ginnasio maschile, costruito su progetto dell&#8217;architetto Josip Costaperaria, fu posta nel luglio 1908 e la scuola fu completata nel settembre 1909. L&#8217;imponente edificio in stile Art Nouveau vantava un ampio giardino scolastico, un cortile, una palestra e una palestra estiva. Fu il primo ginnasio in territorio sloveno in cui le lezioni...","og_url":"https:\/\/postojnsko.si\/it\/postoj-na-mestni-poti\/universita-popolare\/","og_site_name":"Visit Postojna","article_publisher":"https:\/\/www.facebook.com\/VisitPostojna","article_modified_time":"2023-07-10T19:16:49+00:00","og_image":[{"width":1024,"height":660,"url":"https:\/\/postojnsko.si\/travel\/wp-content\/uploads\/2023\/04\/ljudska-univerza-temeljni-kamen-bostjan-martinjak-3-1024x660.jpg","type":"image\/jpeg"}],"twitter_card":"summary_large_image","twitter_misc":{"Tempo di lettura stimato":"2 minuti"},"schema":{"@context":"https:\/\/schema.org","@graph":[{"@type":"WebPage","@id":"https:\/\/postojnsko.si\/it\/postoj-na-mestni-poti\/universita-popolare\/","url":"https:\/\/postojnsko.si\/it\/postoj-na-mestni-poti\/universita-popolare\/","name":"Universit\u00e0 popolare - Visit Postojna","isPartOf":{"@id":"https:\/\/postojnsko.si\/it\/#website"},"primaryImageOfPage":{"@id":"https:\/\/postojnsko.si\/it\/postoj-na-mestni-poti\/universita-popolare\/#primaryimage"},"image":{"@id":"https:\/\/postojnsko.si\/it\/postoj-na-mestni-poti\/universita-popolare\/#primaryimage"},"thumbnailUrl":"https:\/\/postojnsko.si\/travel\/wp-content\/uploads\/2023\/04\/ljudska-univerza-temeljni-kamen-bostjan-martinjak-3-scaled.jpg","datePublished":"2023-04-07T10:41:22+00:00","dateModified":"2023-07-10T19:16:49+00:00","breadcrumb":{"@id":"https:\/\/postojnsko.si\/it\/postoj-na-mestni-poti\/universita-popolare\/#breadcrumb"},"inLanguage":"it-IT","potentialAction":[{"@type":"ReadAction","target":["https:\/\/postojnsko.si\/it\/postoj-na-mestni-poti\/universita-popolare\/"]}]},{"@type":"ImageObject","inLanguage":"it-IT","@id":"https:\/\/postojnsko.si\/it\/postoj-na-mestni-poti\/universita-popolare\/#primaryimage","url":"https:\/\/postojnsko.si\/travel\/wp-content\/uploads\/2023\/04\/ljudska-univerza-temeljni-kamen-bostjan-martinjak-3-scaled.jpg","contentUrl":"https:\/\/postojnsko.si\/travel\/wp-content\/uploads\/2023\/04\/ljudska-univerza-temeljni-kamen-bostjan-martinjak-3-scaled.jpg","width":2560,"height":1650,"caption":"Ljudska univerza"},{"@type":"BreadcrumbList","@id":"https:\/\/postojnsko.si\/it\/postoj-na-mestni-poti\/universita-popolare\/#breadcrumb","itemListElement":[{"@type":"ListItem","position":1,"name":"Home","item":"https:\/\/postojnsko.si\/it\/?doing_wp_cron=1766478648.6568050384521484375000"},{"@type":"ListItem","position":2,"name":"Postumia nel percorso cittadino","item":"https:\/\/postojnsko.si\/it\/postoj-na-mestni-poti\/?doing_wp_cron=1766490349.7067840099334716796875"},{"@type":"ListItem","position":3,"name":"Universit\u00e0 popolare"}]},{"@type":"WebSite","@id":"https:\/\/postojnsko.si\/it\/#website","url":"https:\/\/postojnsko.si\/it\/","name":"Visit Postojna","description":"To je nov svet. To je paradi\u017e!","publisher":{"@id":"https:\/\/postojnsko.si\/it\/#organization"},"potentialAction":[{"@type":"SearchAction","target":{"@type":"EntryPoint","urlTemplate":"https:\/\/postojnsko.si\/it\/?s={search_term_string}"},"query-input":{"@type":"PropertyValueSpecification","valueRequired":true,"valueName":"search_term_string"}}],"inLanguage":"it-IT"},{"@type":"Organization","@id":"https:\/\/postojnsko.si\/it\/#organization","name":"Visit Postojna","url":"https:\/\/postojnsko.si\/it\/","logo":{"@type":"ImageObject","inLanguage":"it-IT","@id":"https:\/\/postojnsko.si\/it\/#\/schema\/logo\/image\/","url":"https:\/\/postojnsko.si\/wp-content\/uploads\/2023\/06\/visit-postojna-logo.png","contentUrl":"https:\/\/postojnsko.si\/wp-content\/uploads\/2023\/06\/visit-postojna-logo.png","width":1042,"height":1042,"caption":"Visit Postojna"},"image":{"@id":"https:\/\/postojnsko.si\/it\/#\/schema\/logo\/image\/"},"sameAs":["https:\/\/www.facebook.com\/VisitPostojna","https:\/\/www.instagram.com\/visit_postojna"]}]}},"_links":{"self":[{"href":"https:\/\/postojnsko.si\/it\/wp-json\/wp\/v2\/pages\/6667","targetHints":{"allow":["GET"]}}],"collection":[{"href":"https:\/\/postojnsko.si\/it\/wp-json\/wp\/v2\/pages"}],"about":[{"href":"https:\/\/postojnsko.si\/it\/wp-json\/wp\/v2\/types\/page"}],"author":[{"embeddable":true,"href":"https:\/\/postojnsko.si\/it\/wp-json\/wp\/v2\/users\/2"}],"replies":[{"embeddable":true,"href":"https:\/\/postojnsko.si\/it\/wp-json\/wp\/v2\/comments?post=6667"}],"version-history":[{"count":2,"href":"https:\/\/postojnsko.si\/it\/wp-json\/wp\/v2\/pages\/6667\/revisions"}],"predecessor-version":[{"id":6669,"href":"https:\/\/postojnsko.si\/it\/wp-json\/wp\/v2\/pages\/6667\/revisions\/6669"}],"up":[{"embeddable":true,"href":"https:\/\/postojnsko.si\/it\/wp-json\/wp\/v2\/pages\/6717"}],"wp:featuredmedia":[{"embeddable":true,"href":"https:\/\/postojnsko.si\/it\/wp-json\/wp\/v2\/media\/5277"}],"wp:attachment":[{"href":"https:\/\/postojnsko.si\/it\/wp-json\/wp\/v2\/media?parent=6667"}],"curies":[{"name":"wp","href":"https:\/\/api.w.org\/{rel}","templated":true}]}}